{"id":313,"date":"2012-06-14T12:00:21","date_gmt":"2012-06-14T12:00:21","guid":{"rendered":"http:\/\/proteaslapalma.com\/?page_id=313"},"modified":"2018-07-26T11:59:12","modified_gmt":"2018-07-26T11:59:12","slug":"313-2","status":"publish","type":"page","link":"https:\/\/proteaslapalma.com\/en\/313-2\/","title":{"rendered":"EL CULTIVO"},"content":{"rendered":"<p align=\"justify\"><strong><strong>The plantations&#8217; location:<\/strong>\u00a0<\/strong>Proteas fields are spread all over the island, but tend to have a higher concentration in the municipalities of Barlovento, Mazo, Garaf\u00eda and Bre\u00f1a Alta.<\/p>\n<table border=\"0\" width=\"100%\" cellspacing=\"1\" cellpadding=\"0\">\n<tbody>\n<tr>\n<td width=\"31%\"><a href=\"http:\/\/www.proteaslapalma.com\/es\/es_mapa.htm#\"><img loading=\"lazy\" id=\"imagefliper\" src=\"http:\/\/www.proteaslapalma.com\/es\/mapas\/mapa_todos.jpg\" alt=\"Casa rural en el municipio de Fuencaliente \/ Mapa: ADER La Palma\" width=\"189\" height=\"312\" name=\"imagefliper\" border=\"0\" \/><\/a><\/td>\n<td valign=\"top\" bgcolor=\"#FFFFFF\" width=\"69%\">\n<div align=\"center\">\n<div align=\"center\"><\/div>\n<\/div>\n<h3 align=\"center\">The plantations\u2019 location<\/h3>\n<table width=\"100%\" cellspacing=\"5\" cellpadding=\"0\" bgcolor=\"#FFFFFF\">\n<tbody>\n<tr>\n<td valign=\"top\" bgcolor=\"#E4E4E4\" width=\"153\"><strong>San Andr\u00e9s y Sauces<\/strong><\/td>\n<td valign=\"top\" bgcolor=\"#E4E4E4\" width=\"107\">0.3 Has<\/td>\n<td valign=\"top\" bgcolor=\"#FFFFCC\" width=\"133\"><strong>Fuencaliente<\/strong><\/td>\n<td valign=\"top\" bgcolor=\"#FFFFCC\" width=\"91\">0.07 Has<\/td>\n<\/tr>\n<tr>\n<td valign=\"top\" bgcolor=\"#E4E4E4\" width=\"153\"><strong>Barlovento<\/strong><\/td>\n<td valign=\"top\" bgcolor=\"#E4E4E4\" width=\"107\">4.15 Has<\/td>\n<td valign=\"top\" bgcolor=\"#FFFFCC\" width=\"133\"><strong>Villa de Mazo<\/strong><\/td>\n<td valign=\"top\" bgcolor=\"#FFFFCC\" width=\"91\">3.6 Has<\/td>\n<\/tr>\n<tr>\n<td valign=\"top\" bgcolor=\"#E4E4E4\" width=\"153\"><strong>Garaf\u00eda<\/strong><\/td>\n<td valign=\"top\" bgcolor=\"#E4E4E4\" width=\"107\">3.4 Has<\/td>\n<td valign=\"top\" bgcolor=\"#FFFFCC\" width=\"133\"><strong>Bre\u00f1a Alta<\/strong><\/td>\n<td valign=\"top\" bgcolor=\"#FFFFCC\" width=\"91\">3.25 Has<\/td>\n<\/tr>\n<tr>\n<td valign=\"top\" bgcolor=\"#E4E4E4\" width=\"153\"><strong>Puntagorda<\/strong><\/td>\n<td valign=\"top\" bgcolor=\"#E4E4E4\" width=\"107\">0.34 Has<\/td>\n<td valign=\"top\" bgcolor=\"#FFFFCC\" width=\"133\"><strong>Bre\u00f1a Baja<\/strong><\/td>\n<td valign=\"top\" bgcolor=\"#FFFFCC\" width=\"91\">1.38 Has<\/td>\n<\/tr>\n<tr>\n<td valign=\"top\" bgcolor=\"#E4E4E4\" width=\"153\"><strong>Tijarafe<\/strong><\/td>\n<td valign=\"top\" bgcolor=\"#E4E4E4\" width=\"107\">0.28 Has<\/td>\n<td valign=\"top\" bgcolor=\"#FFFFCC\" width=\"133\"><strong>S\/C de la Palma<\/strong><\/td>\n<td valign=\"top\" bgcolor=\"#FFFFCC\" width=\"91\">0.54 Has<\/td>\n<\/tr>\n<tr>\n<td valign=\"top\" bgcolor=\"#E4E4E4\" width=\"153\"><strong>Los Llanos<\/strong><\/td>\n<td valign=\"top\" bgcolor=\"#E4E4E4\" width=\"107\">0.3 Has<\/td>\n<td valign=\"top\" bgcolor=\"#FFFFCC\" width=\"133\"><strong>Puntallana<\/strong><\/td>\n<td valign=\"top\" bgcolor=\"#FFFFCC\" width=\"91\">1.85 Has<\/td>\n<\/tr>\n<tr>\n<td valign=\"top\" bgcolor=\"#E4E4E4\" width=\"153\"><strong>El Paso<\/strong><\/td>\n<td valign=\"top\" bgcolor=\"#E4E4E4\" width=\"107\">1.72 Has<\/td>\n<td valign=\"top\" bgcolor=\"#FFFFCC\" width=\"133\"><strong>Tazacorte<\/strong><\/td>\n<td valign=\"top\" bgcolor=\"#FFFFCC\" width=\"91\">0 Has<\/td>\n<\/tr>\n<\/tbody>\n<\/table>\n<p>&nbsp;<\/td>\n<\/tr>\n<\/tbody>\n<\/table>\n","protected":false},"excerpt":{"rendered":"<p>The plantations&#8217; location:\u00a0Proteas fields are spread all over the island, but tend to have a higher concentration in the municipalities of Barlovento, Mazo, Garaf\u00eda and Bre\u00f1a Alta. The plantations\u2019 location San Andr\u00e9s y Sauces 0.3 Has Fuencaliente 0.07 Has Barlovento 4.15 Has Villa de Mazo 3.6 Has Garaf\u00eda 3.4 Has Bre\u00f1a Alta 3.25 Has Puntagorda&nbsp;<\/p>\n","protected":false},"author":1,"featured_media":0,"parent":0,"menu_order":0,"comment_status":"open","ping_status":"open","template":"","meta":[],"yoast_head":"<!-- This site is optimized with the Yoast SEO plugin v19.4 - https:\/\/yoast.com\/wordpress\/plugins\/seo\/ -->\n<title>EL CULTIVO - Proteas La Palma<\/title>\n<meta name=\"robots\" content=\"index, follow, max-snippet:-1, max-image-preview:large, max-video-preview:-1\" \/>\n<link rel=\"canonical\" href=\"https:\/\/proteaslapalma.com\/en\/313-2\/\" \/>\n<meta property=\"og:locale\" content=\"en_US\" \/>\n<meta property=\"og:type\" content=\"article\" \/>\n<meta property=\"og:title\" content=\"EL CULTIVO - Proteas La Palma\" \/>\n<meta property=\"og:description\" content=\"The plantations&#8217; location:\u00a0Proteas fields are spread all over the island, but tend to have a higher concentration in the municipalities of Barlovento, Mazo, Garaf\u00eda and Bre\u00f1a Alta. The plantations\u2019 location San Andr\u00e9s y Sauces 0.3 Has Fuencaliente 0.07 Has Barlovento 4.15 Has Villa de Mazo 3.6 Has Garaf\u00eda 3.4 Has Bre\u00f1a Alta 3.25 Has Puntagorda&nbsp;\" \/>\n<meta property=\"og:url\" content=\"https:\/\/proteaslapalma.com\/en\/313-2\/\" \/>\n<meta property=\"og:site_name\" content=\"Proteas La Palma\" \/>\n<meta property=\"article:modified_time\" content=\"2018-07-26T11:59:12+00:00\" \/>\n<meta property=\"og:image\" content=\"http:\/\/www.proteaslapalma.com\/es\/mapas\/mapa_todos.jpg\" \/>\n<meta name=\"twitter:card\" content=\"summary_large_image\" \/>\n<script type=\"application\/ld+json\" class=\"yoast-schema-graph\">{\"@context\":\"https:\/\/schema.org\",\"@graph\":[{\"@type\":\"WebSite\",\"@id\":\"https:\/\/proteaslapalma.com\/#website\",\"url\":\"https:\/\/proteaslapalma.com\/\",\"name\":\"Proteas La Palma\",\"description\":\"Pr\u00f3teas de la Palma cooperativa de la Isla de La Palma, Canarias\",\"potentialAction\":[{\"@type\":\"SearchAction\",\"target\":{\"@type\":\"EntryPoint\",\"urlTemplate\":\"https:\/\/proteaslapalma.com\/?s={search_term_string}\"},\"query-input\":\"required name=search_term_string\"}],\"inLanguage\":\"en-US\"},{\"@type\":\"WebPage\",\"@id\":\"https:\/\/proteaslapalma.com\/en\/313-2\/\",\"url\":\"https:\/\/proteaslapalma.com\/en\/313-2\/\",\"name\":\"EL CULTIVO - Proteas La Palma\",\"isPartOf\":{\"@id\":\"https:\/\/proteaslapalma.com\/#website\"},\"datePublished\":\"2012-06-14T12:00:21+00:00\",\"dateModified\":\"2018-07-26T11:59:12+00:00\",\"breadcrumb\":{\"@id\":\"https:\/\/proteaslapalma.com\/en\/313-2\/#breadcrumb\"},\"inLanguage\":\"en-US\",\"potentialAction\":[{\"@type\":\"ReadAction\",\"target\":[\"https:\/\/proteaslapalma.com\/en\/313-2\/\"]}]},{\"@type\":\"BreadcrumbList\",\"@id\":\"https:\/\/proteaslapalma.com\/en\/313-2\/#breadcrumb\",\"itemListElement\":[{\"@type\":\"ListItem\",\"position\":1,\"name\":\"Portada\",\"item\":\"https:\/\/proteaslapalma.com\/en\/\"},{\"@type\":\"ListItem\",\"position\":2,\"name\":\"EL CULTIVO\"}]}]}<\/script>\n<!-- \/ Yoast SEO plugin. -->","yoast_head_json":{"title":"EL CULTIVO - Proteas La Palma","robots":{"index":"index","follow":"follow","max-snippet":"max-snippet:-1","max-image-preview":"max-image-preview:large","max-video-preview":"max-video-preview:-1"},"canonical":"https:\/\/proteaslapalma.com\/en\/313-2\/","og_locale":"en_US","og_type":"article","og_title":"EL CULTIVO - Proteas La Palma","og_description":"The plantations&#8217; location:\u00a0Proteas fields are spread all over the island, but tend to have a higher concentration in the municipalities of Barlovento, Mazo, Garaf\u00eda and Bre\u00f1a Alta. The plantations\u2019 location San Andr\u00e9s y Sauces 0.3 Has Fuencaliente 0.07 Has Barlovento 4.15 Has Villa de Mazo 3.6 Has Garaf\u00eda 3.4 Has Bre\u00f1a Alta 3.25 Has Puntagorda&nbsp;","og_url":"https:\/\/proteaslapalma.com\/en\/313-2\/","og_site_name":"Proteas La Palma","article_modified_time":"2018-07-26T11:59:12+00:00","og_image":[{"url":"http:\/\/www.proteaslapalma.com\/es\/mapas\/mapa_todos.jpg"}],"twitter_card":"summary_large_image","schema":{"@context":"https:\/\/schema.org","@graph":[{"@type":"WebSite","@id":"https:\/\/proteaslapalma.com\/#website","url":"https:\/\/proteaslapalma.com\/","name":"Proteas La Palma","description":"Pr\u00f3teas de la Palma cooperativa de la Isla de La Palma, Canarias","potentialAction":[{"@type":"SearchAction","target":{"@type":"EntryPoint","urlTemplate":"https:\/\/proteaslapalma.com\/?s={search_term_string}"},"query-input":"required name=search_term_string"}],"inLanguage":"en-US"},{"@type":"WebPage","@id":"https:\/\/proteaslapalma.com\/en\/313-2\/","url":"https:\/\/proteaslapalma.com\/en\/313-2\/","name":"EL CULTIVO - Proteas La Palma","isPartOf":{"@id":"https:\/\/proteaslapalma.com\/#website"},"datePublished":"2012-06-14T12:00:21+00:00","dateModified":"2018-07-26T11:59:12+00:00","breadcrumb":{"@id":"https:\/\/proteaslapalma.com\/en\/313-2\/#breadcrumb"},"inLanguage":"en-US","potentialAction":[{"@type":"ReadAction","target":["https:\/\/proteaslapalma.com\/en\/313-2\/"]}]},{"@type":"BreadcrumbList","@id":"https:\/\/proteaslapalma.com\/en\/313-2\/#breadcrumb","itemListElement":[{"@type":"ListItem","position":1,"name":"Portada","item":"https:\/\/proteaslapalma.com\/en\/"},{"@type":"ListItem","position":2,"name":"EL CULTIVO"}]}]}},"_links":{"self":[{"href":"https:\/\/proteaslapalma.com\/en\/wp-json\/wp\/v2\/pages\/313"}],"collection":[{"href":"https:\/\/proteaslapalma.com\/en\/wp-json\/wp\/v2\/pages"}],"about":[{"href":"https:\/\/proteaslapalma.com\/en\/wp-json\/wp\/v2\/types\/page"}],"author":[{"embeddable":true,"href":"https:\/\/proteaslapalma.com\/en\/wp-json\/wp\/v2\/users\/1"}],"replies":[{"embeddable":true,"href":"https:\/\/proteaslapalma.com\/en\/wp-json\/wp\/v2\/comments?post=313"}],"version-history":[{"count":0,"href":"https:\/\/proteaslapalma.com\/en\/wp-json\/wp\/v2\/pages\/313\/revisions"}],"wp:attachment":[{"href":"https:\/\/proteaslapalma.com\/en\/wp-json\/wp\/v2\/media?parent=313"}],"curies":[{"name":"wp","href":"https:\/\/api.w.org\/{rel}","templated":true}]}}