{"version":"1.0","provider_name":"Proteas La Palma","provider_url":"https:\/\/proteaslapalma.com\/en\/","author_name":"admin","author_url":"https:\/\/proteaslapalma.com\/en\/author\/admin\/","title":"Curso de iniciaci\u00f3n al cultivo de pr\u00f3teas 2012 - Proteas La Palma","type":"rich","width":600,"height":338,"html":"<blockquote class=\"wp-embedded-content\" data-secret=\"cLl50M6GJu\"><a href=\"https:\/\/proteaslapalma.com\/en\/curso_de_iniciacion_al_cultivo_de_proteas_2012\/\">Curso de iniciaci\u00f3n al cultivo de pr\u00f3teas 2012<\/a><\/blockquote><iframe sandbox=\"allow-scripts\" security=\"restricted\" src=\"https:\/\/proteaslapalma.com\/en\/curso_de_iniciacion_al_cultivo_de_proteas_2012\/embed\/#?secret=cLl50M6GJu\" width=\"600\" height=\"338\" title=\"&#8220;Curso de iniciaci\u00f3n al cultivo de pr\u00f3teas 2012&#8221; &#8212; Proteas La Palma\" data-secret=\"cLl50M6GJu\" frameborder=\"0\" marginwidth=\"0\" marginheight=\"0\" scrolling=\"no\" class=\"wp-embedded-content\"><\/iframe><script type=\"text\/javascript\">\n\/*! This file is auto-generated *\/\n!function(d,l){\"use strict\";var e=!1,o=!1;if(l.querySelector)if(d.addEventListener)e=!0;if(d.wp=d.wp||{},!d.wp.receiveEmbedMessage)if(d.wp.receiveEmbedMessage=function(e){var t=e.data;if(t)if(t.secret||t.message||t.value)if(!\/[^a-zA-Z0-9]\/.test(t.secret)){for(var r,a,i,s=l.querySelectorAll('iframe[data-secret=\"'+t.secret+'\"]'),n=l.querySelectorAll('blockquote[data-secret=\"'+t.secret+'\"]'),o=new RegExp(\"^https?:$\",\"i\"),c=0;c<n.length;c++)n[c].style.display=\"none\";for(c=0;c<s.length;c++)if(r=s[c],e.source===r.contentWindow){if(r.removeAttribute(\"style\"),\"height\"===t.message){if(1e3<(i=parseInt(t.value,10)))i=1e3;else if(~~i<200)i=200;r.height=i}if(\"link\"===t.message)if(a=l.createElement(\"a\"),i=l.createElement(\"a\"),a.href=r.getAttribute(\"src\"),i.href=t.value,o.test(i.protocol))if(i.host===a.host)if(l.activeElement===r)d.top.location.href=t.value}}},e)d.addEventListener(\"message\",d.wp.receiveEmbedMessage,!1),l.addEventListener(\"DOMContentLoaded\",t,!1),d.addEventListener(\"load\",t,!1);function t(){if(!o){o=!0;for(var e,t,r,a=-1!==navigator.appVersion.indexOf(\"MSIE 10\"),i=!!navigator.userAgent.match(\/Trident.*rv:11\\.\/),s=l.querySelectorAll(\"iframe.wp-embedded-content\"),n=0;n<s.length;n++){if(!(r=(t=s[n]).getAttribute(\"data-secret\")))r=Math.random().toString(36).substr(2,10),t.src+=\"#?secret=\"+r,t.setAttribute(\"data-secret\",r);if(a||i)(e=t.cloneNode(!0)).removeAttribute(\"security\"),t.parentNode.replaceChild(e,t);t.contentWindow.postMessage({message:\"ready\",secret:r},\"*\")}}}}(window,document);\n<\/script>\n","thumbnail_url":"https:\/\/proteaslapalma.com\/wp-content\/uploads\/2012\/06\/curso-cultivo-proteas-isladelapalma-canarias.jpg","thumbnail_width":725,"thumbnail_height":335,"description":"INTRODUCCI\u00d3N AL CULTIVO DE PR\u00d3TEAS 24 a 28 de Septiembre de 2012. Las t\u00e9cnicas agron\u00f3micas del cultivo pr\u00f3teas, pese a que se encuentra instalado en la isla desde hace ya m\u00e1s de una d\u00e9cada, contin\u00faan siendo desconocidas para la gran mayor\u00eda de los agricultores palmeros. Por ello, la Cooperativa Pr\u00f3teas de La Palma, y en&nbsp;"}